{"id":242,"date":"2020-04-27T12:05:00","date_gmt":"2020-04-27T10:05:00","guid":{"rendered":"http:\/\/claudechevalier.fr\/?page_id=242"},"modified":"2020-07-27T15:42:33","modified_gmt":"2020-07-27T13:42:33","slug":"messe-celebration","status":"publish","type":"page","link":"https:\/\/claudechevalier.fr\/index.php\/messe-celebration\/","title":{"rendered":"Messe\/C\u00e9l\u00e9bration"},"content":{"rendered":"<h1 style=\"text-align: center;\"><span style=\"font-size: 24pt;\"><span style=\"color: #ff0000;\">Messe ou c\u00e9l\u00e9bration \u00e0 l&#8217;accord\u00e9on de concert.<\/span><\/span><\/h1>\n<p>Afin de mettre en place le programme d\u00e9sir\u00e9, vous pouvez <span style=\"color: #0000ff;\"><strong>choisir les morceaux qui vous plaisent<\/strong><\/span> parmi les\u00a0 enregistrements ci-dessous.<\/p>\n<h2 style=\"text-align: center;\"><span style=\"font-size: 14pt;\">L&#8217;hymne \u00e0 l&#8217;amour<\/span><\/h2>\n<!--[if lt IE 9]><script>document.createElement('audio');<\/script><![endif]-->\n<audio class=\"wp-audio-shortcode\" id=\"audio-242-1\" preload=\"none\" style=\"width: 100%;\" controls=\"controls\"><source type=\"audio\/mpeg\" src=\"http:\/\/claudechevalier.fr\/wp-content\/uploads\/2020\/05\/Lhymne-\u00e0-lamour.mp3?_=1\" \/><a href=\"http:\/\/claudechevalier.fr\/wp-content\/uploads\/2020\/05\/Lhymne-\u00e0-lamour.mp3\">http:\/\/claudechevalier.fr\/wp-content\/uploads\/2020\/05\/Lhymne-\u00e0-lamour.mp3<\/a><\/audio>\n<h2 style=\"text-align: center;\"><span style=\"font-size: 14pt;\">Love Story<\/span><\/h2>\n<audio class=\"wp-audio-shortcode\" id=\"audio-242-2\" preload=\"none\" style=\"width: 100%;\" controls=\"controls\"><source type=\"audio\/mpeg\" src=\"http:\/\/claudechevalier.fr\/wp-content\/uploads\/2020\/05\/Love-story.mp3?_=2\" \/><a href=\"http:\/\/claudechevalier.fr\/wp-content\/uploads\/2020\/05\/Love-story.mp3\">http:\/\/claudechevalier.fr\/wp-content\/uploads\/2020\/05\/Love-story.mp3<\/a><\/audio>\n<h2 style=\"text-align: center;\"><span style=\"font-size: 14pt;\">Av\u00e9 Maria de Gounod<\/span><\/h2>\n<audio class=\"wp-audio-shortcode\" id=\"audio-242-3\" preload=\"none\" style=\"width: 100%;\" controls=\"controls\"><source type=\"audio\/mpeg\" src=\"http:\/\/claudechevalier.fr\/wp-content\/uploads\/2020\/05\/Ave-Maria-de-Gounod.mp3?_=3\" \/><a href=\"http:\/\/claudechevalier.fr\/wp-content\/uploads\/2020\/05\/Ave-Maria-de-Gounod.mp3\">http:\/\/claudechevalier.fr\/wp-content\/uploads\/2020\/05\/Ave-Maria-de-Gounod.mp3<\/a><\/audio>\n<h2 style=\"text-align: center;\"><span style=\"font-size: 14pt;\">Conte Partiro<\/span><\/h2>\n<audio class=\"wp-audio-shortcode\" id=\"audio-242-4\" preload=\"none\" style=\"width: 100%;\" controls=\"controls\"><source type=\"audio\/mpeg\" src=\"http:\/\/claudechevalier.fr\/wp-content\/uploads\/2020\/05\/Conte-Partiro.mp3?_=4\" \/><a href=\"http:\/\/claudechevalier.fr\/wp-content\/uploads\/2020\/05\/Conte-Partiro.mp3\">http:\/\/claudechevalier.fr\/wp-content\/uploads\/2020\/05\/Conte-Partiro.mp3<\/a><\/audio>\n<h2 style=\"text-align: center;\"><span style=\"font-size: 14pt;\">Aimer \u00e0 perdre la raison<\/span><\/h2>\n<audio class=\"wp-audio-shortcode\" id=\"audio-242-5\" preload=\"none\" style=\"width: 100%;\" controls=\"controls\"><source type=\"audio\/mpeg\" src=\"http:\/\/claudechevalier.fr\/wp-content\/uploads\/2020\/05\/Aimer-\u00e0-perdre-la-raison.mp3?_=5\" \/><a href=\"http:\/\/claudechevalier.fr\/wp-content\/uploads\/2020\/05\/Aimer-\u00e0-perdre-la-raison.mp3\">http:\/\/claudechevalier.fr\/wp-content\/uploads\/2020\/05\/Aimer-\u00e0-perdre-la-raison.mp3<\/a><\/audio>\n<h2 style=\"text-align: center;\"><span style=\"font-size: 14pt;\">Pi\u00e8ce dans un style ancien de Andr\u00e9 Astier<\/span><\/h2>\n<audio class=\"wp-audio-shortcode\" id=\"audio-242-6\" preload=\"none\" style=\"width: 100%;\" controls=\"controls\"><source type=\"audio\/mpeg\" src=\"http:\/\/claudechevalier.fr\/wp-content\/uploads\/2020\/05\/Pi\u00e8ce-dans-un-style-ancien-Andr\u00e9-Astier.mp3?_=6\" \/><a href=\"http:\/\/claudechevalier.fr\/wp-content\/uploads\/2020\/05\/Pi\u00e8ce-dans-un-style-ancien-Andr\u00e9-Astier.mp3\">http:\/\/claudechevalier.fr\/wp-content\/uploads\/2020\/05\/Pi\u00e8ce-dans-un-style-ancien-Andr\u00e9-Astier.mp3<\/a><\/audio>\n<p><span style=\"text-decoration: underline;\">Enregistrements \u00e0 venir :\u00a0<\/span><\/p>\n<p>Aria en R\u00e9 Majeur de J.S Bach\u00a0 \u00a0 La Marche Nuptiale\u00a0 \u00a0 Av\u00e9 Maria de Caccini\u00a0 \u00a0 Lasia ch&#8217;io pianga de Haendel<\/p>\n<p>&nbsp;<\/p>\n<p>&nbsp;<\/p>\n<p>Je peux aussi <span style=\"color: #0000ff;\"><strong>interpr\u00e9ter un ou plusieurs titres que vous aimez<\/strong><\/span>. Pour cela, il vous suffira de me\u00a0 soumettre vos id\u00e9es bien \u00e0 l&#8217;avance afin que je puisse les travailler.<\/p>\n<p><img loading=\"lazy\" class=\"size-medium wp-image-251 aligncenter\" src=\"http:\/\/claudechevalier.fr\/wp-content\/uploads\/2020\/04\/IMG_1132-300x200.jpg\" alt=\"\" width=\"300\" height=\"200\" srcset=\"https:\/\/claudechevalier.fr\/wp-content\/uploads\/2020\/04\/IMG_1132-300x200.jpg 300w, https:\/\/claudechevalier.fr\/wp-content\/uploads\/2020\/04\/IMG_1132-1024x683.jpg 1024w, https:\/\/claudechevalier.fr\/wp-content\/uploads\/2020\/04\/IMG_1132-768x512.jpg 768w, https:\/\/claudechevalier.fr\/wp-content\/uploads\/2020\/04\/IMG_1132-1536x1024.jpg 1536w, https:\/\/claudechevalier.fr\/wp-content\/uploads\/2020\/04\/IMG_1132-2048x1365.jpg 2048w\" sizes=\"(max-width: 300px) 100vw, 300px\" \/><\/p>\n<p>Il m&#8217;est \u00e9galement possible d&#8217;<span style=\"color: #0000ff;\"><strong>accompagner un chanteur, une chanteuse de votre connaissance<\/strong><\/span> ou <strong><span style=\"color: #0000ff;\">la\u00a0 chorale de la<\/span> <span style=\"color: #0000ff;\">paroisse.<\/span><\/strong><\/p>\n<p><img loading=\"lazy\" class=\"size-medium wp-image-253 aligncenter\" src=\"http:\/\/claudechevalier.fr\/wp-content\/uploads\/2020\/04\/IMG_1426-300x200.jpg\" alt=\"\" width=\"300\" height=\"200\" srcset=\"https:\/\/claudechevalier.fr\/wp-content\/uploads\/2020\/04\/IMG_1426-300x200.jpg 300w, https:\/\/claudechevalier.fr\/wp-content\/uploads\/2020\/04\/IMG_1426-1024x683.jpg 1024w, https:\/\/claudechevalier.fr\/wp-content\/uploads\/2020\/04\/IMG_1426-768x512.jpg 768w, https:\/\/claudechevalier.fr\/wp-content\/uploads\/2020\/04\/IMG_1426-1536x1024.jpg 1536w, https:\/\/claudechevalier.fr\/wp-content\/uploads\/2020\/04\/IMG_1426-2048x1365.jpg 2048w\" sizes=\"(max-width: 300px) 100vw, 300px\" \/><\/p>\n<p>&nbsp;<\/p>\n<p>&nbsp;<\/p>\n","protected":false},"excerpt":{"rendered":"<p>Messe ou c\u00e9l\u00e9bration \u00e0 l&#8217;accord\u00e9on de concert. Afin de mettre en place le programme d\u00e9sir\u00e9, vous pouvez choisir les morceaux qui vous plaisent parmi les\u00a0 enregistrements ci-dessous. L&#8217;hymne \u00e0 l&#8217;amour<a href=\"https:\/\/claudechevalier.fr\/index.php\/messe-celebration\/\" class=\"more-link\"><span class=\"readmore\">Continue reading<span class=\"screen-reader-text\">Messe\/C\u00e9l\u00e9bration<\/span><\/span><\/a><\/p>\n","protected":false},"author":1,"featured_media":0,"parent":0,"menu_order":0,"comment_status":"closed","ping_status":"closed","template":"","meta":[],"_links":{"self":[{"href":"https:\/\/claudechevalier.fr\/index.php\/wp-json\/wp\/v2\/pages\/242"}],"collection":[{"href":"https:\/\/claudechevalier.fr\/index.php\/wp-json\/wp\/v2\/pages"}],"about":[{"href":"https:\/\/claudechevalier.fr\/index.php\/wp-json\/wp\/v2\/types\/page"}],"author":[{"embeddable":true,"href":"https:\/\/claudechevalier.fr\/index.php\/wp-json\/wp\/v2\/users\/1"}],"replies":[{"embeddable":true,"href":"https:\/\/claudechevalier.fr\/index.php\/wp-json\/wp\/v2\/comments?post=242"}],"version-history":[{"count":21,"href":"https:\/\/claudechevalier.fr\/index.php\/wp-json\/wp\/v2\/pages\/242\/revisions"}],"predecessor-version":[{"id":377,"href":"https:\/\/claudechevalier.fr\/index.php\/wp-json\/wp\/v2\/pages\/242\/revisions\/377"}],"wp:attachment":[{"href":"https:\/\/claudechevalier.fr\/index.php\/wp-json\/wp\/v2\/media?parent=242"}],"curies":[{"name":"wp","href":"https:\/\/api.w.org\/{rel}","templated":true}]}}