{"id":187,"date":"2020-03-28T14:18:29","date_gmt":"2020-03-28T13:18:29","guid":{"rendered":"http:\/\/claudechevalier.fr\/?page_id=187"},"modified":"2020-04-24T14:53:33","modified_gmt":"2020-04-24T12:53:33","slug":"a-la-carte","status":"publish","type":"page","link":"https:\/\/claudechevalier.fr\/index.php\/a-la-carte\/","title":{"rendered":"A la carte."},"content":{"rendered":"<h1><strong><span style=\"color: #ff0000;\">Programme \u00e0 la carte<\/span><\/strong><\/h1>\n<p>Il m&#8217;est possible de <span style=\"color: #000000; font-size: 14pt;\"><strong><span style=\"color: #0000ff;\">r\u00e9pondre \u00e0<\/span> <span style=\"color: #0000ff;\">des demandes particuli\u00e8res<\/span><\/strong> <\/span>ou de mettre en place<span style=\"font-size: 14pt;\"><strong><span style=\"color: #0000ff;\"> un programme<\/span> <span style=\"color: #0000ff;\">sp\u00e9cifique<\/span><\/strong> <\/span>selon le type de prestation.<\/p>\n<h2><span style=\"color: #ff0000;\"><strong><span style=\"font-size: 18pt;\">Quelques exemples \u2026.<\/span><\/strong><\/span><\/h2>\n<h3><span style=\"color: #339966;\"><strong>Concert de solidarit\u00e9 pour Emma\u00fcs.<\/strong><\/span><\/h3>\n<p><span style=\"font-size: 14pt;\"><strong>Dimanche 8 Mars 2020.<\/strong><\/span><\/p>\n<p>Interm\u00e8de musical \u00e0 la demande de la chorale Saint Nicolas de Arleux, <span style=\"color: #800080;\"><strong>concert caritatif pour les compagnons<\/strong> <strong>d&#8217;Emma\u00fcs<\/strong><\/span> de Fontaine Notre Dame.<\/p>\n<p><iframe loading=\"lazy\"  id=\"_ytid_36246\"  width=\"990\" height=\"557\"  data-origwidth=\"990\" data-origheight=\"557\" src=\"https:\/\/www.youtube.com\/embed\/aJoWsVhJTy4?enablejsapi=1&#038;autoplay=0&#038;cc_load_policy=0&#038;cc_lang_pref=&#038;iv_load_policy=1&#038;loop=0&#038;rel=1&#038;fs=1&#038;playsinline=0&#038;autohide=2&#038;theme=dark&#038;color=red&#038;controls=1&#038;disablekb=0&#038;\" class=\"__youtube_prefs__  epyt-is-override  no-lazyload\" title=\"YouTube player\"  allow=\"fullscreen; accelerometer; autoplay; clipboard-write; encrypted-media; gyroscope; picture-in-picture; web-share\" referrerpolicy=\"strict-origin-when-cross-origin\" allowfullscreen data-no-lazy=\"1\" data-skipgform_ajax_framebjll=\"\"><\/iframe><\/p>\n<h3><span style=\"color: #339966;\"><strong>Le petit Prince de Saint Exup\u00e9ry.<\/strong><\/span><\/h3>\n<p><span style=\"font-size: 14pt;\"><strong>D\u00e9cembre 2018<\/strong><\/span><\/p>\n<p><span style=\"color: #800080;\"><strong>Narration de l&#8217;histoire du Petit Prince<\/strong><\/span> \u00e0 l&#8217;abbaye de Vaucelles, <span style=\"color: #800080;\"><strong>entrecoup\u00e9e d&#8217;images projet\u00e9es et de morceaux jou\u00e9s<\/strong><\/span> par l&#8217;harmonie des Rues des Vignes, dirig\u00e9e par R\u00e9mi Lubert.<\/p>\n<p><img loading=\"lazy\" class=\"alignnone wp-image-200\" src=\"http:\/\/claudechevalier.fr\/wp-content\/uploads\/2020\/03\/20181206_235357-300x296.jpg\" alt=\"\" width=\"242\" height=\"239\" srcset=\"https:\/\/claudechevalier.fr\/wp-content\/uploads\/2020\/03\/20181206_235357-300x296.jpg 300w, https:\/\/claudechevalier.fr\/wp-content\/uploads\/2020\/03\/20181206_235357-768x757.jpg 768w, https:\/\/claudechevalier.fr\/wp-content\/uploads\/2020\/03\/20181206_235357.jpg 1025w\" sizes=\"(max-width: 242px) 100vw, 242px\" \/><img loading=\"lazy\" class=\"alignnone wp-image-204\" src=\"http:\/\/claudechevalier.fr\/wp-content\/uploads\/2020\/03\/IMG_10101-225x300.jpg\" alt=\"\" width=\"182\" height=\"242\" srcset=\"https:\/\/claudechevalier.fr\/wp-content\/uploads\/2020\/03\/IMG_10101-225x300.jpg 225w, https:\/\/claudechevalier.fr\/wp-content\/uploads\/2020\/03\/IMG_10101-768x1024.jpg 768w, https:\/\/claudechevalier.fr\/wp-content\/uploads\/2020\/03\/IMG_10101-1152x1536.jpg 1152w, https:\/\/claudechevalier.fr\/wp-content\/uploads\/2020\/03\/IMG_10101.jpg 1200w\" sizes=\"(max-width: 182px) 100vw, 182px\" \/><img loading=\"lazy\" class=\"alignnone wp-image-203\" src=\"http:\/\/claudechevalier.fr\/wp-content\/uploads\/2020\/03\/P1070670-225x300.jpg\" alt=\"\" width=\"182\" height=\"242\" srcset=\"https:\/\/claudechevalier.fr\/wp-content\/uploads\/2020\/03\/P1070670-225x300.jpg 225w, https:\/\/claudechevalier.fr\/wp-content\/uploads\/2020\/03\/P1070670-768x1024.jpg 768w, https:\/\/claudechevalier.fr\/wp-content\/uploads\/2020\/03\/P1070670-1152x1536.jpg 1152w, https:\/\/claudechevalier.fr\/wp-content\/uploads\/2020\/03\/P1070670-1536x2048.jpg 1536w, https:\/\/claudechevalier.fr\/wp-content\/uploads\/2020\/03\/P1070670-scaled.jpg 1920w\" sizes=\"(max-width: 182px) 100vw, 182px\" \/><img loading=\"lazy\" class=\"alignnone wp-image-201\" src=\"http:\/\/claudechevalier.fr\/wp-content\/uploads\/2020\/03\/IMG_10121-225x300.jpg\" alt=\"\" width=\"182\" height=\"243\" srcset=\"https:\/\/claudechevalier.fr\/wp-content\/uploads\/2020\/03\/IMG_10121-225x300.jpg 225w, https:\/\/claudechevalier.fr\/wp-content\/uploads\/2020\/03\/IMG_10121-768x1024.jpg 768w, https:\/\/claudechevalier.fr\/wp-content\/uploads\/2020\/03\/IMG_10121-1152x1536.jpg 1152w, https:\/\/claudechevalier.fr\/wp-content\/uploads\/2020\/03\/IMG_10121.jpg 1536w\" sizes=\"(max-width: 182px) 100vw, 182px\" \/><\/p>\n<h3><span style=\"color: #339966;\"><strong>Rentr\u00e9e scolaire en musique.<\/strong><\/span><\/h3>\n<p><span style=\"color: #800080;\"><strong>Accueil des \u00e9l\u00e8ves \u00e0 l&#8217;accord\u00e9on<\/strong><\/span>, lors des rentr\u00e9es scolaires 2018 et 2019, \u00e0 l&#8217;\u00e9cole Jules et L\u00e9on Maurice de Douai.<\/p>\n<h3><span style=\"color: #339966;\"><strong>Autour de l&#8217;orgue de barbarie&#8230;<\/strong><\/span><\/h3>\n<p><span style=\"color: #800080;\"><strong>Apr\u00e8s-midi convivial et musical autour du limonaire, dans la classe ancienne de Li\u00e9vin.<\/strong><\/span><\/p>\n<p>Chansons ponctu\u00e9es d&#8217;un peu d&#8217;histoire de l&#8217;instrument et d&#8217;explications sur sa m\u00e9canique, jeux autour des param\u00e8tres musicaux. (rythmes, tonalit\u00e9s, vitesse\u2026)<\/p>\n<p><img loading=\"lazy\" class=\"alignnone size-medium wp-image-234\" src=\"http:\/\/claudechevalier.fr\/wp-content\/uploads\/2020\/04\/P1050728-300x225.jpg\" alt=\"\" width=\"300\" height=\"225\" srcset=\"https:\/\/claudechevalier.fr\/wp-content\/uploads\/2020\/04\/P1050728-300x225.jpg 300w, https:\/\/claudechevalier.fr\/wp-content\/uploads\/2020\/04\/P1050728-1024x768.jpg 1024w, https:\/\/claudechevalier.fr\/wp-content\/uploads\/2020\/04\/P1050728-768x576.jpg 768w, https:\/\/claudechevalier.fr\/wp-content\/uploads\/2020\/04\/P1050728-1536x1152.jpg 1536w, https:\/\/claudechevalier.fr\/wp-content\/uploads\/2020\/04\/P1050728-2048x1536.jpg 2048w, https:\/\/claudechevalier.fr\/wp-content\/uploads\/2020\/04\/P1050728-960x720.jpg 960w, https:\/\/claudechevalier.fr\/wp-content\/uploads\/2020\/04\/P1050728-640x480.jpg 640w\" sizes=\"(max-width: 300px) 100vw, 300px\" \/><\/p>\n<p>&nbsp;<\/p>\n<p>&nbsp;<\/p>\n<h3><\/h3>\n<h3><\/h3>\n<p>&nbsp;<\/p>\n<p>&nbsp;<\/p>\n","protected":false},"excerpt":{"rendered":"<p>Programme \u00e0 la carte Il m&#8217;est possible de r\u00e9pondre \u00e0 des demandes particuli\u00e8res ou de mettre en place un programme sp\u00e9cifique selon le type de prestation. Quelques exemples \u2026. Concert<a href=\"https:\/\/claudechevalier.fr\/index.php\/a-la-carte\/\" class=\"more-link\"><span class=\"readmore\">Continue reading<span class=\"screen-reader-text\">A la carte.<\/span><\/span><\/a><\/p>\n","protected":false},"author":1,"featured_media":0,"parent":0,"menu_order":0,"comment_status":"closed","ping_status":"closed","template":"","meta":[],"_links":{"self":[{"href":"https:\/\/claudechevalier.fr\/index.php\/wp-json\/wp\/v2\/pages\/187"}],"collection":[{"href":"https:\/\/claudechevalier.fr\/index.php\/wp-json\/wp\/v2\/pages"}],"about":[{"href":"https:\/\/claudechevalier.fr\/index.php\/wp-json\/wp\/v2\/types\/page"}],"author":[{"embeddable":true,"href":"https:\/\/claudechevalier.fr\/index.php\/wp-json\/wp\/v2\/users\/1"}],"replies":[{"embeddable":true,"href":"https:\/\/claudechevalier.fr\/index.php\/wp-json\/wp\/v2\/comments?post=187"}],"version-history":[{"count":12,"href":"https:\/\/claudechevalier.fr\/index.php\/wp-json\/wp\/v2\/pages\/187\/revisions"}],"predecessor-version":[{"id":235,"href":"https:\/\/claudechevalier.fr\/index.php\/wp-json\/wp\/v2\/pages\/187\/revisions\/235"}],"wp:attachment":[{"href":"https:\/\/claudechevalier.fr\/index.php\/wp-json\/wp\/v2\/media?parent=187"}],"curies":[{"name":"wp","href":"https:\/\/api.w.org\/{rel}","templated":true}]}}